{"id":2055,"date":"2025-02-10T03:17:35","date_gmt":"2025-02-10T03:17:35","guid":{"rendered":"https:\/\/richardbelisle.com\/rbap\/?page_id=2055"},"modified":"2025-02-27T21:13:20","modified_gmt":"2025-02-27T21:13:20","slug":"prix-et-mentions","status":"publish","type":"page","link":"https:\/\/richardbelisle.com\/rbap\/en\/prix-et-mentions\/","title":{"rendered":"Award-Winning Projects"},"content":{"rendered":"<h1>Award-Winning Projects<span class=\"uk-text-primary\">.<\/span><\/h1>\n<blockquote>\n<p style=\"text-align: justify; font-size: 18px;\">Over the years, our work has been honored multiple times by the Association des paysagistes professionnels du Qu\u00e9bec and the Grand Prix du Design. These prestigious awards, given in recognition of creativity, the quality of our work, and the harmony of our designs, are received with great humility.<\/p>\n<p>In 2020, Richard had the privilege of serving as a judge for the 41st Landscape Design Competition organized by the Association des paysagistes professionnels du Qu\u00e9bec, where he contributed to evaluating the finest landscape design projects in Quebec.<\/p>\n<p>Each accolade, along with this enriching experience, strengthens our passion and determination to create unique projects that combine aesthetics, functionality, and respect for the environment. We are proud to share with you these award-winning achievements, a testament to our dedication to the art of landscaping.\n<\/p>\n<\/blockquote>\n<ul>\n<li>\n<p>        <img decoding=\"async\" src=\"\/rbap\/wp-content\/uploads\/2025\/02\/CL106220_WEB.jpg\" alt=\"\"><\/p>\n<p><img decoding=\"async\" src=\"\/rbap\/wp-content\/uploads\/2025\/02\/4-DJI_0886_WEB.jpg\" alt><\/p>\n<h2>45<sup>e<\/sup> concours d&rsquo;am\u00e9nagement paysager 2024<\/h2>\n<p>1<sup>er<\/sup> PRIX<\/p>\n<\/li>\n<li>\n<p>        <img decoding=\"async\" src=\"\/rbap\/wp-content\/uploads\/2025\/02\/CL106221_WEB.jpg\" alt=\"\"><\/p>\n<p><img decoding=\"async\" src=\"\/rbap\/wp-content\/uploads\/2025\/02\/2-St-Lambert-33.jpg\" alt><\/p>\n<h2>45<sup>e<\/sup> concours d&rsquo;am\u00e9nagement paysager 2024<\/h2>\n<p>2<sup>e<\/sup> PRIX<\/p>\n<\/li>\n<li>\n<p>        <img decoding=\"async\" src=\"\/rbap\/wp-content\/uploads\/2025\/02\/CL106219_WEB.jpg\" alt=\"\"><\/p>\n<p><img decoding=\"async\" src=\"\/rbap\/wp-content\/uploads\/2025\/02\/5-DJI_0531_WEB.jpg\" alt><\/p>\n<h2>45<sup>e<\/sup> concours d&rsquo;am\u00e9nagement paysager 2024<\/h2>\n<p>1<sup>er<\/sup> PRIX<\/p>\n<\/li>\n<li>\n<p>        <img decoding=\"async\" src=\"\/rbap\/wp-content\/uploads\/2025\/02\/CL10621_WEB2.jpg\" alt=\"\"><\/p>\n<p><img decoding=\"async\" src=\"\/rbap\/wp-content\/uploads\/2025\/02\/BERNACHES_MPSTLAURENT-10.jpg\" alt><\/p>\n<h2>45<sup>e<\/sup> concours d&rsquo;am\u00e9nagement paysager 2024<\/h2>\n<p>1<sup>er<\/sup> PRIX<\/p>\n<\/li>\n<li>\n<p>        <img decoding=\"async\" src=\"\/rbap\/wp-content\/uploads\/2025\/02\/CL106222_WEB2.jpg\" alt=\"\"><\/p>\n<p><img decoding=\"async\" src=\"\/rbap\/wp-content\/uploads\/2025\/02\/4-MPSTLAURENT_CIRCLEROAD_SOIR-5_WEB.jpg\" alt><\/p>\n<h2>45<sup>e<\/sup> concours d&rsquo;am\u00e9nagement paysager 2024<\/h2>\n<p>2<sup>e<\/sup> PRIX<\/p>\n<\/li>\n<li>\n<p>        <img decoding=\"async\" src=\"\/rbap\/wp-content\/uploads\/2025\/02\/CL106216_WEB.jpg\" alt=\"\"><\/p>\n<p><img decoding=\"async\" src=\"\/rbap\/wp-content\/uploads\/2025\/02\/7-DJI_0300_WEB.jpg\" alt><\/p>\n<h2>44<sup>e<\/sup> concours d&rsquo;am\u00e9nagement paysager 2023<\/h2>\n<p>1<sup>er<\/sup> PRIX<\/p>\n<\/li>\n<li>\n<p>        <img decoding=\"async\" src=\"\/rbap\/wp-content\/uploads\/2025\/02\/CL106215_WEB.jpg\" alt=\"\"><\/p>\n<p><img decoding=\"async\" src=\"\/rbap\/wp-content\/uploads\/2025\/02\/4000287_88_89_90_91_WEB.jpg\" alt><\/p>\n<h2>44<sup>e<\/sup> concours d&rsquo;am\u00e9nagement paysager 2023<\/h2>\n<p>2<sup>e<\/sup> PRIX<\/p>\n<\/li>\n<li>\n<p>        <img decoding=\"async\" src=\"\/rbap\/wp-content\/uploads\/2025\/02\/CL106214_WEB.jpg\" alt=\"\"><\/p>\n<p><img decoding=\"async\" src=\"\/rbap\/wp-content\/uploads\/2025\/02\/Cam-3211_2_3_4_5_6_7_WEB.jpg\" alt><\/p>\n<h2>43<sup>e<\/sup> concours d&rsquo;am\u00e9nagement paysager 2022<\/h2>\n<p>1<sup>er<\/sup> PRIX<\/p>\n<\/li>\n<li>\n<p>        <img decoding=\"async\" src=\"\/rbap\/wp-content\/uploads\/2025\/02\/CL107857_JPG-scaled.jpg\" alt=\"\"><\/p>\n<p><img decoding=\"async\" src=\"\/rbap\/wp-content\/uploads\/2025\/02\/DJI_0685And4more_WEB.jpg\" alt><\/p>\n<h2>41<sup>e<\/sup> concours d&rsquo;am\u00e9nagement paysager 2020<\/h2>\n<p>3<sup>e<\/sup> PRIX<\/p>\n<\/li>\n<li>\n<p>        <img decoding=\"async\" src=\"\/rbap\/wp-content\/uploads\/2025\/02\/CL106225_WEB.jpg\" alt=\"\"><\/p>\n<h2>41<sup>e<\/sup> concours d&rsquo;am\u00e9nagement paysager 2020<\/h2>\n<p>Reconnaissance sp\u00e9ciale<\/p>\n<\/li>\n<\/ul>\n<p><!--more--><br \/>\n<!-- {\"type\":\"layout\",\"children\":[{\"type\":\"section\",\"props\":{\"animation\":\"slide-left-small\",\"header_transparent\":true,\"header_transparent_noplaceholder\":false,\"header_transparent_text_color\":\"light\",\"image\":\"wp-content\\\/uploads\\\/yootheme\\\/home-hero-bg.svg\",\"image_position\":\"top-center\",\"padding\":\"small\",\"style\":\"secondary\",\"title_breakpoint\":\"xl\",\"title_position\":\"top-left\",\"title_rotation\":\"left\",\"vertical_align\":\"\",\"width\":\"default\"},\"children\":[{\"type\":\"row\",\"children\":[{\"type\":\"column\",\"props\":{\"image_position\":\"center-center\",\"position_sticky_breakpoint\":\"m\",\"width_medium\":\"1-1\"},\"children\":[{\"type\":\"headline\",\"props\":{\"animation\":\"slide-left-small\",\"class\":\"uk-margin-large-top\",\"content\":\"Prix et Mentions<span class=\\\"uk-text-primary\\\">.<\\\/span>\",\"title_element\":\"h1\",\"title_style\":\"heading-small\"}}]}]}],\"name\":\"Hero\"},{\"type\":\"section\",\"props\":{\"image_position\":\"center-center\",\"padding_remove_bottom\":false,\"padding_remove_top\":true,\"style\":\"secondary\",\"title_breakpoint\":\"xl\",\"title_position\":\"top-left\",\"title_rotation\":\"left\",\"vertical_align\":\"\",\"width\":\"default\"},\"children\":[{\"type\":\"row\",\"children\":[{\"type\":\"column\",\"props\":{\"image_position\":\"center-center\",\"position_sticky_breakpoint\":\"m\"},\"children\":[{\"type\":\"quotation\",\"props\":{\"content\":\"\n\n<p style=\\\"text-align: justify; font-size: 18px;\\\">Au fil des ann\\u00e9es, notre travail a \\u00e9t\\u00e9 honor\\u00e9 \\u00e0 plusieurs reprises par l\\u2019Association des paysagistes professionnels du Qu\\u00e9bec ainsi qu\\u2019un prix remport\\u00e9 au Grand Prix du Design. Ces prestigieuses distinctions, attribu\\u00e9es pour la cr\\u00e9ativit\\u00e9, la qualit\\u00e9 de nos r\\u00e9alisations et l\\u2019harmonie de nos am\\u00e9nagements, sont re\\u00e7ues avec une grande humilit\\u00e9.<br \\\/><br \\\/>\\nEn 2020, Richard a eu l\\u2019honneur de participer en tant que juge au 41\\u1d49 Concours de l\\u2019am\\u00e9nagement paysager, organis\\u00e9 par l\\u2019Association des paysagistes professionnels du Qu\\u00e9bec, o\\u00f9 il a contribu\\u00e9 \\u00e0 \\u00e9valuer les plus beaux projets en am\\u00e9nagement paysager au Qu\\u00e9bec.<br \\\/><br \\\/>\\nChaque reconnaissance, ainsi que cette exp\\u00e9rience enrichissante, renforcent notre passion et notre d\\u00e9termination \\u00e0 concevoir des projets uniques, alliant esth\\u00e9tique, fonctionnalit\\u00e9 et respect de l\\u2019environnement. Nous sommes fiers de partager avec vous ces r\\u00e9alisations prim\\u00e9es, t\\u00e9moins de notre d\\u00e9vouement \\u00e0 l\\u2019art paysager. \\n<\\\/p>\",\"margin_remove_bottom\":false,\"text_align\":\"justify\"}}]}]}],\"name\":\"Description des projets\"},{\"type\":\"section\",\"props\":{\"animation\":\"slide-left-small\",\"animation_delay\":\"200\",\"header_transparent\":true,\"header_transparent_text_color\":\"light\",\"image\":\"wp-content\\\/uploads\\\/blog-hero-bg.svg\",\"image_position\":\"top-center\",\"padding\":\"large\",\"padding_remove_bottom\":true,\"style\":\"secondary\",\"title_breakpoint\":\"xl\",\"title_position\":\"top-left\",\"title_rotation\":\"left\",\"vertical_align\":\"\",\"width\":\"\"},\"children\":[{\"type\":\"row\",\"children\":[{\"type\":\"column\",\"props\":{\"image_position\":\"center-center\",\"position_sticky_breakpoint\":\"m\"},\"children\":[{\"type\":\"grid\",\"props\":{\"content_column_breakpoint\":\"m\",\"filter\":false,\"filter_align\":\"left\",\"filter_all\":true,\"filter_grid_breakpoint\":\"m\",\"filter_grid_width\":\"auto\",\"filter_position\":\"top\",\"filter_style\":\"tab\",\"grid_column_align\":false,\"grid_column_gap\":\"small\",\"grid_default\":\"1\",\"grid_medium\":\"3\",\"grid_row_align\":false,\"grid_row_gap\":\"small\",\"grid_small\":\"2\",\"icon_width\":80,\"image_align\":\"top\",\"image_grid_breakpoint\":\"m\",\"image_grid_width\":\"1-2\",\"image_height\":\"520\",\"image_link\":true,\"image_svg_color\":\"emphasis\",\"image_width\":\"835\",\"item_animation\":true,\"lightbox_bg_close\":true,\"link_style\":\"default\",\"link_text\":\"\",\"margin\":\"default\",\"meta_align\":\"below-title\",\"meta_color\":\"primary\",\"meta_element\":\"div\",\"meta_margin\":\"small\",\"meta_style\":\"\",\"panel_link\":false,\"panel_padding\":\"default\",\"parallax_easing\":\"1\",\"show_content\":true,\"show_hover_image\":true,\"show_hover_video\":true,\"show_image\":true,\"show_link\":true,\"show_meta\":true,\"show_title\":true,\"show_video\":true,\"title_align\":\"top\",\"title_element\":\"h2\",\"title_grid_breakpoint\":\"xl\",\"title_grid_row_gap\":\"small\",\"title_grid_width\":\"auto\",\"title_hover_style\":\"reset\",\"title_link\":true,\"title_style\":\"h3\"},\"children\":[{\"type\":\"grid_item\",\"props\":{\"hover_image\":\"wp-content\\\/uploads\\\/2025\\\/02\\\/4-DJI_0886_WEB.jpg\",\"image\":\"wp-content\\\/uploads\\\/2025\\\/02\\\/CL106220_WEB.jpg\",\"meta\":\"1<sup>er<\\\/sup> PRIX\",\"title\":\"45<sup>e<\\\/sup> concours d'am\\u00e9nagement paysager 2024\"}},{\"type\":\"grid_item\",\"props\":{\"hover_image\":\"wp-content\\\/uploads\\\/2025\\\/02\\\/2-St-Lambert-33.jpg\",\"image\":\"wp-content\\\/uploads\\\/2025\\\/02\\\/CL106221_WEB.jpg\",\"meta\":\"2<sup>e<\\\/sup> PRIX\",\"title\":\"45<sup>e<\\\/sup> concours d'am\\u00e9nagement paysager 2024\"}},{\"type\":\"grid_item\",\"props\":{\"hover_image\":\"wp-content\\\/uploads\\\/2025\\\/02\\\/5-DJI_0531_WEB.jpg\",\"image\":\"wp-content\\\/uploads\\\/2025\\\/02\\\/CL106219_WEB.jpg\",\"meta\":\"1<sup>er<\\\/sup> PRIX\",\"title\":\"45<sup>e<\\\/sup> concours d'am\\u00e9nagement paysager 2024\"}},{\"type\":\"grid_item\",\"props\":{\"hover_image\":\"wp-content\\\/uploads\\\/2025\\\/02\\\/BERNACHES_MPSTLAURENT-10.jpg\",\"image\":\"wp-content\\\/uploads\\\/2025\\\/02\\\/CL10621_WEB2.jpg\",\"meta\":\"1<sup>er<\\\/sup> PRIX\",\"title\":\"45<sup>e<\\\/sup> concours d'am\\u00e9nagement paysager 2024\"}},{\"type\":\"grid_item\",\"props\":{\"hover_image\":\"wp-content\\\/uploads\\\/2025\\\/02\\\/4-MPSTLAURENT_CIRCLEROAD_SOIR-5_WEB.jpg\",\"image\":\"wp-content\\\/uploads\\\/2025\\\/02\\\/CL106222_WEB2.jpg\",\"meta\":\"2<sup>e<\\\/sup> PRIX\",\"title\":\"45<sup>e<\\\/sup> concours d'am\\u00e9nagement paysager 2024\"}},{\"type\":\"grid_item\",\"props\":{\"hover_image\":\"wp-content\\\/uploads\\\/2025\\\/02\\\/7-DJI_0300_WEB.jpg\",\"image\":\"wp-content\\\/uploads\\\/2025\\\/02\\\/CL106216_WEB.jpg\",\"meta\":\"1<sup>er<\\\/sup> PRIX\",\"title\":\"44<sup>e<\\\/sup> concours d'am\\u00e9nagement paysager 2023\"}},{\"type\":\"grid_item\",\"props\":{\"hover_image\":\"wp-content\\\/uploads\\\/2025\\\/02\\\/4000287_88_89_90_91_WEB.jpg\",\"image\":\"wp-content\\\/uploads\\\/2025\\\/02\\\/CL106215_WEB.jpg\",\"meta\":\"2<sup>e<\\\/sup> PRIX\",\"title\":\"44<sup>e<\\\/sup> concours d'am\\u00e9nagement paysager 2023\"}},{\"type\":\"grid_item\",\"props\":{\"hover_image\":\"wp-content\\\/uploads\\\/2025\\\/02\\\/Cam-3211_2_3_4_5_6_7_WEB.jpg\",\"image\":\"wp-content\\\/uploads\\\/2025\\\/02\\\/CL106214_WEB.jpg\",\"meta\":\"1<sup>er<\\\/sup> PRIX\",\"title\":\"43<sup>e<\\\/sup> concours d'am\\u00e9nagement paysager 2022\"}},{\"type\":\"grid_item\",\"props\":{\"hover_image\":\"wp-content\\\/uploads\\\/2025\\\/02\\\/DJI_0685And4more_WEB.jpg\",\"image\":\"wp-content\\\/uploads\\\/2025\\\/02\\\/CL107857_JPG-scaled.jpg\",\"meta\":\"3<sup>e<\\\/sup> PRIX\",\"title\":\"41<sup>e<\\\/sup> concours d'am\\u00e9nagement paysager 2020\"}},{\"type\":\"grid_item\",\"props\":{\"image\":\"wp-content\\\/uploads\\\/2025\\\/02\\\/CL106225_WEB.jpg\",\"meta\":\"Reconnaissance sp\\u00e9ciale\",\"title\":\"41<sup>e<\\\/sup> concours d'am\\u00e9nagement paysager 2020\"}}]}]}]}],\"name\":\"Posts\"}],\"version\":\"4.5.1\"} --><\/p>","protected":false},"excerpt":{"rendered":"<p>Prix et Mentions. Au fil des ann\u00e9es, notre travail a \u00e9t\u00e9 honor\u00e9 \u00e0 plusieurs reprises par l\u2019Association des paysagistes professionnels du Qu\u00e9bec ainsi qu\u2019un prix remport\u00e9 au Grand Prix du Design. Ces prestigieuses distinctions, attribu\u00e9es pour la cr\u00e9ativit\u00e9, la qualit\u00e9 de nos r\u00e9alisations et l\u2019harmonie de nos am\u00e9nagements, sont re\u00e7ues avec une grande humilit\u00e9. En [&hellip;]<\/p>","protected":false},"author":1,"featured_media":0,"parent":0,"menu_order":0,"comment_status":"closed","ping_status":"closed","template":"","meta":{"footnotes":""},"class_list":["post-2055","page","type-page","status-publish","hentry"],"_links":{"self":[{"href":"https:\/\/richardbelisle.com\/rbap\/en\/wp-json\/wp\/v2\/pages\/2055","targetHints":{"allow":["GET"]}}],"collection":[{"href":"https:\/\/richardbelisle.com\/rbap\/en\/wp-json\/wp\/v2\/pages"}],"about":[{"href":"https:\/\/richardbelisle.com\/rbap\/en\/wp-json\/wp\/v2\/types\/page"}],"author":[{"embeddable":true,"href":"https:\/\/richardbelisle.com\/rbap\/en\/wp-json\/wp\/v2\/users\/1"}],"replies":[{"embeddable":true,"href":"https:\/\/richardbelisle.com\/rbap\/en\/wp-json\/wp\/v2\/comments?post=2055"}],"version-history":[{"count":19,"href":"https:\/\/richardbelisle.com\/rbap\/en\/wp-json\/wp\/v2\/pages\/2055\/revisions"}],"predecessor-version":[{"id":2133,"href":"https:\/\/richardbelisle.com\/rbap\/en\/wp-json\/wp\/v2\/pages\/2055\/revisions\/2133"}],"wp:attachment":[{"href":"https:\/\/richardbelisle.com\/rbap\/en\/wp-json\/wp\/v2\/media?parent=2055"}],"curies":[{"name":"wp","href":"https:\/\/api.w.org\/{rel}","templated":true}]}}